{"version":"1.0","provider_name":"Abrelivros","provider_url":"https:\/\/abrelivros.org.br\/site","author_name":"\u00a0","author_url":"https:\/\/abrelivros.org.br\/site\/author\/suporte\/","title":"\u2018Vocabul\u00e1rio Ortogr\u00e1fico\u2019 ser\u00e1 lan\u00e7ado no dia 19 &raquo; Abrelivros","type":"rich","width":600,"height":338,"html":"<blockquote class=\"wp-embedded-content\" data-secret=\"q1VxlgBQuZ\"><a href=\"https:\/\/abrelivros.org.br\/site\/vocabulario-ortografico-sera-lancado-no-dia-19\/\">\u2018Vocabul\u00e1rio Ortogr\u00e1fico\u2019 ser\u00e1 lan\u00e7ado no dia 19<\/a><\/blockquote><iframe sandbox=\"allow-scripts\" security=\"restricted\" src=\"https:\/\/abrelivros.org.br\/site\/vocabulario-ortografico-sera-lancado-no-dia-19\/embed\/#?secret=q1VxlgBQuZ\" width=\"600\" height=\"338\" title=\"&#8220;\u2018Vocabul\u00e1rio Ortogr\u00e1fico\u2019 ser\u00e1 lan\u00e7ado no dia 19&#8221; &#8212; Abrelivros\" data-secret=\"q1VxlgBQuZ\" frameborder=\"0\" marginwidth=\"0\" marginheight=\"0\" scrolling=\"no\" class=\"wp-embedded-content\"><\/iframe><script type=\"text\/javascript\">\n\/* <![CDATA[ *\/\n\/*! This file is auto-generated *\/\n!function(d,l){\"use strict\";l.querySelector&&d.addEventListener&&\"undefined\"!=typeof URL&&(d.wp=d.wp||{},d.wp.receiveEmbedMessage||(d.wp.receiveEmbedMessage=function(e){var t=e.data;if((t||t.secret||t.message||t.value)&&!\/[^a-zA-Z0-9]\/.test(t.secret)){for(var s,r,n,a=l.querySelectorAll('iframe[data-secret=\"'+t.secret+'\"]'),o=l.querySelectorAll('blockquote[data-secret=\"'+t.secret+'\"]'),c=new RegExp(\"^https?:$\",\"i\"),i=0;i<o.length;i++)o[i].style.display=\"none\";for(i=0;i<a.length;i++)s=a[i],e.source===s.contentWindow&&(s.removeAttribute(\"style\"),\"height\"===t.message?(1e3<(r=parseInt(t.value,10))?r=1e3:~~r<200&&(r=200),s.height=r):\"link\"===t.message&&(r=new URL(s.getAttribute(\"src\")),n=new URL(t.value),c.test(n.protocol))&&n.host===r.host&&l.activeElement===s&&(d.top.location.href=t.value))}},d.addEventListener(\"message\",d.wp.receiveEmbedMessage,!1),l.addEventListener(\"DOMContentLoaded\",function(){for(var e,t,s=l.querySelectorAll(\"iframe.wp-embedded-content\"),r=0;r<s.length;r++)(t=(e=s[r]).getAttribute(\"data-secret\"))||(t=Math.random().toString(36).substring(2,12),e.src+=\"#?secret=\"+t,e.setAttribute(\"data-secret\",t)),e.contentWindow.postMessage({message:\"ready\",secret:t},\"*\")},!1)))}(window,document);\n\/* ]]> *\/\n<\/script>\n","description":"A quinta edi\u00e7\u00e3o do Vocabul\u00e1rio Ortogr\u00e1fico da L\u00edngua Portuguesa (Volp), j\u00e1 atualizado com as novas regras do acordo ortogr\u00e1fico, ser\u00e1 lan\u00e7ada no pr\u00f3ximo dia 19.\u00a0 \u00a0 Evanildo Bechara, coordenador da Comiss\u00e3o de Lexicografia e Lexicologia da ABL e principal respons\u00e1vel pelo Volp, especifica os crit\u00e9rios adotados pela comiss\u00e3o: respeitar a letra do acordo, estabelecer uma [&hellip;]"}