{"version":"1.0","provider_name":"Abrelivros","provider_url":"https:\/\/abrelivros.org.br\/site","author_name":"\u00a0","author_url":"https:\/\/abrelivros.org.br\/site\/author\/suporte\/","title":"Vers\u00e3o \u2019mini\u2019 chega com nova ortografia &raquo; Abrelivros","type":"rich","width":600,"height":338,"html":"<blockquote class=\"wp-embedded-content\" data-secret=\"u1AclYXrIn\"><a href=\"https:\/\/abrelivros.org.br\/site\/versao-mini-chega-com-nova-ortografia\/\">Vers\u00e3o \u2019mini\u2019 chega com nova ortografia<\/a><\/blockquote><iframe sandbox=\"allow-scripts\" security=\"restricted\" src=\"https:\/\/abrelivros.org.br\/site\/versao-mini-chega-com-nova-ortografia\/embed\/#?secret=u1AclYXrIn\" width=\"600\" height=\"338\" title=\"&#8220;Vers\u00e3o \u2019mini\u2019 chega com nova ortografia&#8221; &#8212; Abrelivros\" data-secret=\"u1AclYXrIn\" frameborder=\"0\" marginwidth=\"0\" marginheight=\"0\" scrolling=\"no\" class=\"wp-embedded-content\"><\/iframe><script type=\"text\/javascript\">\n\/* <![CDATA[ *\/\n\/*! This file is auto-generated *\/\n!function(d,l){\"use strict\";l.querySelector&&d.addEventListener&&\"undefined\"!=typeof URL&&(d.wp=d.wp||{},d.wp.receiveEmbedMessage||(d.wp.receiveEmbedMessage=function(e){var t=e.data;if((t||t.secret||t.message||t.value)&&!\/[^a-zA-Z0-9]\/.test(t.secret)){for(var s,r,n,a=l.querySelectorAll('iframe[data-secret=\"'+t.secret+'\"]'),o=l.querySelectorAll('blockquote[data-secret=\"'+t.secret+'\"]'),c=new RegExp(\"^https?:$\",\"i\"),i=0;i<o.length;i++)o[i].style.display=\"none\";for(i=0;i<a.length;i++)s=a[i],e.source===s.contentWindow&&(s.removeAttribute(\"style\"),\"height\"===t.message?(1e3<(r=parseInt(t.value,10))?r=1e3:~~r<200&&(r=200),s.height=r):\"link\"===t.message&&(r=new URL(s.getAttribute(\"src\")),n=new URL(t.value),c.test(n.protocol))&&n.host===r.host&&l.activeElement===s&&(d.top.location.href=t.value))}},d.addEventListener(\"message\",d.wp.receiveEmbedMessage,!1),l.addEventListener(\"DOMContentLoaded\",function(){for(var e,t,s=l.querySelectorAll(\"iframe.wp-embedded-content\"),r=0;r<s.length;r++)(t=(e=s[r]).getAttribute(\"data-secret\"))||(t=Math.random().toString(36).substring(2,12),e.src+=\"#?secret=\"+t,e.setAttribute(\"data-secret\",t)),e.contentWindow.postMessage({message:\"ready\",secret:t},\"*\")},!1)))}(window,document);\n\/* ]]> *\/\n<\/script>\n","description":"Al\u00e9m dos convidados internacionais e das publica\u00e7\u00f5es infantis, a 20\u00ba Bienal Internacional do Livro de S\u00e3o Paulo promete receber tamb\u00e9m uma avalanche de lan\u00e7amentos de minidicion\u00e1rios atualizados com as mudan\u00e7as da Reforma Ortogr\u00e1fica da L\u00edngua Portuguesa. \u00a0 \u00a0 As editoras Melhoramentos, Positivo e Objetiva\/Moderna &#8211; donas das marcas Michaelis, Aur\u00e9lio e Houaiss, respectivamente &#8211; apresentar\u00e3o [&hellip;]"}