{"version":"1.0","provider_name":"Abrelivros","provider_url":"https:\/\/abrelivros.org.br\/site","author_name":"\u00a0","author_url":"https:\/\/abrelivros.org.br\/site\/author\/suporte\/","title":"Munic\u00edpios com baixos indicadores ter\u00e3o aten\u00e7\u00e3o especial &raquo; Abrelivros","type":"rich","width":600,"height":338,"html":"<blockquote class=\"wp-embedded-content\" data-secret=\"s5BI1ptx90\"><a href=\"https:\/\/abrelivros.org.br\/site\/municipios-com-baixos-indicadores-terao-atencao-especial\/\">Munic\u00edpios com baixos indicadores ter\u00e3o aten\u00e7\u00e3o especial<\/a><\/blockquote><iframe sandbox=\"allow-scripts\" security=\"restricted\" src=\"https:\/\/abrelivros.org.br\/site\/municipios-com-baixos-indicadores-terao-atencao-especial\/embed\/#?secret=s5BI1ptx90\" width=\"600\" height=\"338\" title=\"&#8220;Munic\u00edpios com baixos indicadores ter\u00e3o aten\u00e7\u00e3o especial&#8221; &#8212; Abrelivros\" data-secret=\"s5BI1ptx90\" frameborder=\"0\" marginwidth=\"0\" marginheight=\"0\" scrolling=\"no\" class=\"wp-embedded-content\"><\/iframe><script type=\"text\/javascript\">\n\/* <![CDATA[ *\/\n\/*! This file is auto-generated *\/\n!function(d,l){\"use strict\";l.querySelector&&d.addEventListener&&\"undefined\"!=typeof URL&&(d.wp=d.wp||{},d.wp.receiveEmbedMessage||(d.wp.receiveEmbedMessage=function(e){var t=e.data;if((t||t.secret||t.message||t.value)&&!\/[^a-zA-Z0-9]\/.test(t.secret)){for(var s,r,n,a=l.querySelectorAll('iframe[data-secret=\"'+t.secret+'\"]'),o=l.querySelectorAll('blockquote[data-secret=\"'+t.secret+'\"]'),c=new RegExp(\"^https?:$\",\"i\"),i=0;i<o.length;i++)o[i].style.display=\"none\";for(i=0;i<a.length;i++)s=a[i],e.source===s.contentWindow&&(s.removeAttribute(\"style\"),\"height\"===t.message?(1e3<(r=parseInt(t.value,10))?r=1e3:~~r<200&&(r=200),s.height=r):\"link\"===t.message&&(r=new URL(s.getAttribute(\"src\")),n=new URL(t.value),c.test(n.protocol))&&n.host===r.host&&l.activeElement===s&&(d.top.location.href=t.value))}},d.addEventListener(\"message\",d.wp.receiveEmbedMessage,!1),l.addEventListener(\"DOMContentLoaded\",function(){for(var e,t,s=l.querySelectorAll(\"iframe.wp-embedded-content\"),r=0;r<s.length;r++)(t=(e=s[r]).getAttribute(\"data-secret\"))||(t=Math.random().toString(36).substring(2,12),e.src+=\"#?secret=\"+t,e.setAttribute(\"data-secret\",t)),e.contentWindow.postMessage({message:\"ready\",secret:t},\"*\")},!1)))}(window,document);\n\/* ]]> *\/\n<\/script>\n","description":"O ministro da Educa\u00e7\u00e3o, Fernando Haddad, disse nesta quarta-feira, 9 de maio, na apresenta\u00e7\u00e3o do PDE na Bahia, que dos mil munic\u00edpios com os mais baixos indicadores educacionais classificados no \u00cdndice de Desenvolvimento da Educa\u00e7\u00e3o B\u00e1sica (Ideb), poucos buscaram recursos extras junto ao Minist\u00e9rio da Educa\u00e7\u00e3o. Por esse motivo, disse Haddad, o MEC ir\u00e1 at\u00e9 [&hellip;]"}