{"version":"1.0","provider_name":"Abrelivros","provider_url":"https:\/\/abrelivros.org.br\/site","author_name":"\u00a0","author_url":"https:\/\/abrelivros.org.br\/site\/author\/suporte\/","title":"MEC treinar\u00e1 professor para a reforma ortogr\u00e1fica &raquo; Abrelivros","type":"rich","width":600,"height":338,"html":"<blockquote class=\"wp-embedded-content\" data-secret=\"CQQ8KfUH3S\"><a href=\"https:\/\/abrelivros.org.br\/site\/mec-treinara-professor-para-a-reforma-ortografica\/\">MEC treinar\u00e1 professor para a reforma ortogr\u00e1fica<\/a><\/blockquote><iframe sandbox=\"allow-scripts\" security=\"restricted\" src=\"https:\/\/abrelivros.org.br\/site\/mec-treinara-professor-para-a-reforma-ortografica\/embed\/#?secret=CQQ8KfUH3S\" width=\"600\" height=\"338\" title=\"&#8220;MEC treinar\u00e1 professor para a reforma ortogr\u00e1fica&#8221; &#8212; Abrelivros\" data-secret=\"CQQ8KfUH3S\" frameborder=\"0\" marginwidth=\"0\" marginheight=\"0\" scrolling=\"no\" class=\"wp-embedded-content\"><\/iframe><script type=\"text\/javascript\">\n\/* <![CDATA[ *\/\n\/*! This file is auto-generated *\/\n!function(d,l){\"use strict\";l.querySelector&&d.addEventListener&&\"undefined\"!=typeof URL&&(d.wp=d.wp||{},d.wp.receiveEmbedMessage||(d.wp.receiveEmbedMessage=function(e){var t=e.data;if((t||t.secret||t.message||t.value)&&!\/[^a-zA-Z0-9]\/.test(t.secret)){for(var s,r,n,a=l.querySelectorAll('iframe[data-secret=\"'+t.secret+'\"]'),o=l.querySelectorAll('blockquote[data-secret=\"'+t.secret+'\"]'),c=new RegExp(\"^https?:$\",\"i\"),i=0;i<o.length;i++)o[i].style.display=\"none\";for(i=0;i<a.length;i++)s=a[i],e.source===s.contentWindow&&(s.removeAttribute(\"style\"),\"height\"===t.message?(1e3<(r=parseInt(t.value,10))?r=1e3:~~r<200&&(r=200),s.height=r):\"link\"===t.message&&(r=new URL(s.getAttribute(\"src\")),n=new URL(t.value),c.test(n.protocol))&&n.host===r.host&&l.activeElement===s&&(d.top.location.href=t.value))}},d.addEventListener(\"message\",d.wp.receiveEmbedMessage,!1),l.addEventListener(\"DOMContentLoaded\",function(){for(var e,t,s=l.querySelectorAll(\"iframe.wp-embedded-content\"),r=0;r<s.length;r++)(t=(e=s[r]).getAttribute(\"data-secret\"))||(t=Math.random().toString(36).substring(2,12),e.src+=\"#?secret=\"+t,e.setAttribute(\"data-secret\",t)),e.contentWindow.postMessage({message:\"ready\",secret:t},\"*\")},!1)))}(window,document);\n\/* ]]> *\/\n<\/script>\n","description":"Ap\u00f3s ser informado de que o parlamento portugu\u00eas havia aprovado o acordo ortogr\u00e1fico, o ministro Fernando Haddad (Educa\u00e7\u00e3o) deu ordem para a Secretaria de Educa\u00e7\u00e3o B\u00e1sica, do pr\u00f3prio do minist\u00e9rio, estabelecer um cronograma para o treinamento dos professores da educa\u00e7\u00e3o b\u00e1sica. O MEC estuda a elabora\u00e7\u00e3o de uma cartilha com o novo vocabul\u00e1rio.\u00a0 \u00a0 Na [&hellip;]"}