{"version":"1.0","provider_name":"Abrelivros","provider_url":"https:\/\/abrelivros.org.br\/site","author_name":"\u00a0","author_url":"https:\/\/abrelivros.org.br\/site\/author\/suporte\/","title":"Indefini\u00e7\u00e3o sobre conte\u00fado do novo Enem preocupa cursinhos &raquo; Abrelivros","type":"rich","width":600,"height":338,"html":"<blockquote class=\"wp-embedded-content\" data-secret=\"hjmKdBq4NY\"><a href=\"https:\/\/abrelivros.org.br\/site\/indefinicao-sobre-conteudo-do-novo-enem-preocupa-cursinhos\/\">Indefini\u00e7\u00e3o sobre conte\u00fado do novo Enem preocupa cursinhos<\/a><\/blockquote><iframe sandbox=\"allow-scripts\" security=\"restricted\" src=\"https:\/\/abrelivros.org.br\/site\/indefinicao-sobre-conteudo-do-novo-enem-preocupa-cursinhos\/embed\/#?secret=hjmKdBq4NY\" width=\"600\" height=\"338\" title=\"&#8220;Indefini\u00e7\u00e3o sobre conte\u00fado do novo Enem preocupa cursinhos&#8221; &#8212; Abrelivros\" data-secret=\"hjmKdBq4NY\" frameborder=\"0\" marginwidth=\"0\" marginheight=\"0\" scrolling=\"no\" class=\"wp-embedded-content\"><\/iframe><script type=\"text\/javascript\">\n\/* <![CDATA[ *\/\n\/*! This file is auto-generated *\/\n!function(d,l){\"use strict\";l.querySelector&&d.addEventListener&&\"undefined\"!=typeof URL&&(d.wp=d.wp||{},d.wp.receiveEmbedMessage||(d.wp.receiveEmbedMessage=function(e){var t=e.data;if((t||t.secret||t.message||t.value)&&!\/[^a-zA-Z0-9]\/.test(t.secret)){for(var s,r,n,a=l.querySelectorAll('iframe[data-secret=\"'+t.secret+'\"]'),o=l.querySelectorAll('blockquote[data-secret=\"'+t.secret+'\"]'),c=new RegExp(\"^https?:$\",\"i\"),i=0;i<o.length;i++)o[i].style.display=\"none\";for(i=0;i<a.length;i++)s=a[i],e.source===s.contentWindow&&(s.removeAttribute(\"style\"),\"height\"===t.message?(1e3<(r=parseInt(t.value,10))?r=1e3:~~r<200&&(r=200),s.height=r):\"link\"===t.message&&(r=new URL(s.getAttribute(\"src\")),n=new URL(t.value),c.test(n.protocol))&&n.host===r.host&&l.activeElement===s&&(d.top.location.href=t.value))}},d.addEventListener(\"message\",d.wp.receiveEmbedMessage,!1),l.addEventListener(\"DOMContentLoaded\",function(){for(var e,t,s=l.querySelectorAll(\"iframe.wp-embedded-content\"),r=0;r<s.length;r++)(t=(e=s[r]).getAttribute(\"data-secret\"))||(t=Math.random().toString(36).substring(2,12),e.src+=\"#?secret=\"+t,e.setAttribute(\"data-secret\",t)),e.contentWindow.postMessage({message:\"ready\",secret:t},\"*\")},!1)))}(window,document);\n\/* ]]> *\/\n<\/script>\n","description":"O formato do novo Exame Nacional do Ensino M\u00e9dio (Enem) est\u00e1 definido: continuar\u00e1 avaliando habilidades e compet\u00eancias dos estudantes e passar\u00e1 a exigir tamb\u00e9m conceitos te\u00f3ricos. No entanto, ainda falta o Minist\u00e9rio da Educa\u00e7\u00e3o (MEC) detalhar como e qual conte\u00fado ser\u00e1 cobrado. Essa indefini\u00e7\u00e3o preocupa os cursinhos pr\u00e9-vestibulares.\u00a0 \u00a0 \u201cO MEC fala que os Par\u00e2metros [&hellip;]"}