{"version":"1.0","provider_name":"Abrelivros","provider_url":"https:\/\/abrelivros.org.br\/site","author_name":"Reda\u00e7\u00e3o Abrelivros","author_url":"https:\/\/abrelivros.org.br\/site\/author\/abrelivros\/","title":"FNDE e Enap criam Pr\u00eamio Nacional de Educa\u00e7\u00e3o &raquo; Abrelivros","type":"rich","width":600,"height":338,"html":"<blockquote class=\"wp-embedded-content\" data-secret=\"jFGGquSlIE\"><a href=\"https:\/\/abrelivros.org.br\/site\/fnde-e-enap-criam-premio-nacional-de-educacao\/\">FNDE e Enap criam Pr\u00eamio Nacional de Educa\u00e7\u00e3o<\/a><\/blockquote><iframe sandbox=\"allow-scripts\" security=\"restricted\" src=\"https:\/\/abrelivros.org.br\/site\/fnde-e-enap-criam-premio-nacional-de-educacao\/embed\/#?secret=jFGGquSlIE\" width=\"600\" height=\"338\" title=\"&#8220;FNDE e Enap criam Pr\u00eamio Nacional de Educa\u00e7\u00e3o&#8221; &#8212; Abrelivros\" data-secret=\"jFGGquSlIE\" frameborder=\"0\" marginwidth=\"0\" marginheight=\"0\" scrolling=\"no\" class=\"wp-embedded-content\"><\/iframe><script type=\"text\/javascript\">\n\/* <![CDATA[ *\/\n\/*! This file is auto-generated *\/\n!function(d,l){\"use strict\";l.querySelector&&d.addEventListener&&\"undefined\"!=typeof URL&&(d.wp=d.wp||{},d.wp.receiveEmbedMessage||(d.wp.receiveEmbedMessage=function(e){var t=e.data;if((t||t.secret||t.message||t.value)&&!\/[^a-zA-Z0-9]\/.test(t.secret)){for(var s,r,n,a=l.querySelectorAll('iframe[data-secret=\"'+t.secret+'\"]'),o=l.querySelectorAll('blockquote[data-secret=\"'+t.secret+'\"]'),c=new RegExp(\"^https?:$\",\"i\"),i=0;i<o.length;i++)o[i].style.display=\"none\";for(i=0;i<a.length;i++)s=a[i],e.source===s.contentWindow&&(s.removeAttribute(\"style\"),\"height\"===t.message?(1e3<(r=parseInt(t.value,10))?r=1e3:~~r<200&&(r=200),s.height=r):\"link\"===t.message&&(r=new URL(s.getAttribute(\"src\")),n=new URL(t.value),c.test(n.protocol))&&n.host===r.host&&l.activeElement===s&&(d.top.location.href=t.value))}},d.addEventListener(\"message\",d.wp.receiveEmbedMessage,!1),l.addEventListener(\"DOMContentLoaded\",function(){for(var e,t,s=l.querySelectorAll(\"iframe.wp-embedded-content\"),r=0;r<s.length;r++)(t=(e=s[r]).getAttribute(\"data-secret\"))||(t=Math.random().toString(36).substring(2,12),e.src+=\"#?secret=\"+t,e.setAttribute(\"data-secret\",t)),e.contentWindow.postMessage({message:\"ready\",secret:t},\"*\")},!1)))}(window,document);\n\/* ]]> *\/\n<\/script>\n","description":"O Fundo Nacional de Desenvolvimento da Educa\u00e7\u00e3o (FNDE), em parceria com a Escola Nacional de Administra\u00e7\u00e3o P\u00fablica (Enap), criou o 1\u00ba Pr\u00eamio Nacional de Educa\u00e7\u00e3o. O concurso tem como objetivo fomentar a realiza\u00e7\u00e3o de estudos e pesquisas sobre pol\u00edticas p\u00fablicas educacionais, em particular sobre os programas financiados pelo FNDE, de modo a subsidiar a atua\u00e7\u00e3o [&hellip;]"}